{"version":"1.0","provider_name":"\u0395\u03c4\u03b1\u03b9\u03c1\u03af\u03b1 \u0395\u03bb\u03bb\u03ae\u03bd\u03c9\u03bd \u0394\u03b9\u03ba\u03b1\u03c3\u03c4\u03b9\u03ba\u03ce\u03bd \u039b\u03b5\u03b9\u03c4\u03bf\u03c5\u03c1\u03b3\u03ce\u03bd","provider_url":"https:\/\/eedd.gr\/en\/","author_name":"admin","author_url":"https:\/\/eedd.gr\/en\/author\/admin\/","title":"LA JUSTICE EN EUROPE - \u0395\u03c4\u03b1\u03b9\u03c1\u03af\u03b1 \u0395\u03bb\u03bb\u03ae\u03bd\u03c9\u03bd \u0394\u03b9\u03ba\u03b1\u03c3\u03c4\u03b9\u03ba\u03ce\u03bd \u039b\u03b5\u03b9\u03c4\u03bf\u03c5\u03c1\u03b3\u03ce\u03bd","type":"rich","width":600,"height":338,"html":"<blockquote class=\"wp-embedded-content\" data-secret=\"xmPNGDWWkq\"><a href=\"https:\/\/eedd.gr\/en\/la-justice-en-europe\/\">LA JUSTICE EN EUROPE<\/a><\/blockquote><iframe sandbox=\"allow-scripts\" security=\"restricted\" src=\"https:\/\/eedd.gr\/en\/la-justice-en-europe\/embed\/#?secret=xmPNGDWWkq\" width=\"600\" height=\"338\" title=\"&#8220;LA JUSTICE EN EUROPE&#8221; &#8212; \u0395\u03c4\u03b1\u03b9\u03c1\u03af\u03b1 \u0395\u03bb\u03bb\u03ae\u03bd\u03c9\u03bd \u0394\u03b9\u03ba\u03b1\u03c3\u03c4\u03b9\u03ba\u03ce\u03bd \u039b\u03b5\u03b9\u03c4\u03bf\u03c5\u03c1\u03b3\u03ce\u03bd\" data-secret=\"xmPNGDWWkq\" frameborder=\"0\" marginwidth=\"0\" marginheight=\"0\" scrolling=\"no\" class=\"wp-embedded-content\"><\/iframe><script type=\"text\/javascript\">\n\/* <![CDATA[ *\/\n\/*! This file is auto-generated *\/\n!function(d,l){\"use strict\";l.querySelector&&d.addEventListener&&\"undefined\"!=typeof URL&&(d.wp=d.wp||{},d.wp.receiveEmbedMessage||(d.wp.receiveEmbedMessage=function(e){var t=e.data;if((t||t.secret||t.message||t.value)&&!\/[^a-zA-Z0-9]\/.test(t.secret)){for(var s,r,n,a=l.querySelectorAll('iframe[data-secret=\"'+t.secret+'\"]'),o=l.querySelectorAll('blockquote[data-secret=\"'+t.secret+'\"]'),c=new RegExp(\"^https?:$\",\"i\"),i=0;i<o.length;i++)o[i].style.display=\"none\";for(i=0;i<a.length;i++)s=a[i],e.source===s.contentWindow&&(s.removeAttribute(\"style\"),\"height\"===t.message?(1e3<(r=parseInt(t.value,10))?r=1e3:~~r<200&&(r=200),s.height=r):\"link\"===t.message&&(r=new URL(s.getAttribute(\"src\")),n=new URL(t.value),c.test(n.protocol))&&n.host===r.host&&l.activeElement===s&&(d.top.location.href=t.value))}},d.addEventListener(\"message\",d.wp.receiveEmbedMessage,!1),l.addEventListener(\"DOMContentLoaded\",function(){for(var e,t,s=l.querySelectorAll(\"iframe.wp-embedded-content\"),r=0;r<s.length;r++)(t=(e=s[r]).getAttribute(\"data-secret\"))||(t=Math.random().toString(36).substring(2,12),e.src+=\"#?secret=\"+t,e.setAttribute(\"data-secret\",t)),e.contentWindow.postMessage({message:\"ready\",secret:t},\"*\")},!1)))}(window,document);\n\/\/# sourceURL=https:\/\/eedd.gr\/wp-includes\/js\/wp-embed.min.js\n\/* ]]> *\/\n<\/script>\n","thumbnail_url":"https:\/\/eedd.gr\/wp-content\/uploads\/2023\/06\/66.png","thumbnail_width":710,"thumbnail_height":184,"description":"EUROPE Le 23 MAI 2017 LA JUSTICE EN EUROPE QUINZE SYSTEMES JUDICIAIRES PASSES AU CRIBLE DES PRINCIPES FONDAMENTAUX Dans un monde inquiet, garantir les droits est plus que jamais n\u00e9cessaire au coeur des soci\u00e9t\u00e9s qui perdent leurs rep\u00e8res1. INDEPENDANCE : Acteur clef de l\u2019Etat de droit d\u00e9mocratique, elle est, selon des degr\u00e9s divers, atteinte dans [&hellip;]"}